{"id":641,"date":"2015-01-14T17:47:57","date_gmt":"2015-01-14T17:47:57","guid":{"rendered":"http:\/\/ufla.br\/calouros\/?page_id=641"},"modified":"2016-09-13T18:34:27","modified_gmt":"2016-09-13T18:34:27","slug":"tire-duvidas","status":"publish","type":"page","link":"https:\/\/ufla.br\/calouros\/sisu\/tire-duvidas\/","title":{"rendered":"Tire suas d\u00favidas"},"content":{"rendered":"<p>Clique na pergunta e visualize\u00a0a resposta:<\/p>\n<div class=\"su-accordion su-u-trim\">\n<div class=\"su-spoiler su-spoiler-style-fancy su-spoiler-icon-plus su-spoiler-closed\" data-scroll-offset=\"0\" data-anchor-in-url=\"no\"><div class=\"su-spoiler-title\" tabindex=\"0\" role=\"button\"><span class=\"su-spoiler-icon\"><\/span>O que \u00e9 o SiSU?<\/div><div class=\"su-spoiler-content su-u-clearfix su-u-trim\">\n<p>O SiSU \u00e9 o sistema informatizado, gerenciado pelo Minist\u00e9rio da Educa\u00e7\u00e3o (MEC), no qual institui\u00e7\u00f5es p\u00fablicas de ensino superior oferecem vagas para candidatos participantes do Enem.<\/p>\n<\/div><\/div>\n<div class=\"su-spoiler su-spoiler-style-fancy su-spoiler-icon-plus su-spoiler-closed\" data-scroll-offset=\"0\" data-anchor-in-url=\"no\"><div class=\"su-spoiler-title\" tabindex=\"0\" role=\"button\"><span class=\"su-spoiler-icon\"><\/span>Como se inscrever no SiSU?<\/div><div class=\"su-spoiler-content su-u-clearfix su-u-trim\">\n<p>\u00c9 preciso se inscrever\u00a0pelo site <a href=\"http:\/\/sisu.mec.gov.br\">sisu.mec.gov.br<\/a>, no prazo estabelecido pelo MEC. Para ingressar no sistema, \u00e9 pedido o n\u00famero de inscri\u00e7\u00e3o e a senha do Enem.\u00a0Caso o candidato n\u00e3o se lembre do n\u00famero de inscri\u00e7\u00e3o ou da senha, pode recuper\u00e1-los na <a href=\"http:\/\/enem.inep.gov.br\/participante\/#\/senha\" target=\"_blank\">p\u00e1gina do Enem<\/a>. O candidato deve escolher sua\u00a0op\u00e7\u00e3o de inscri\u00e7\u00e3o entre as vagas ofertadas pelas institui\u00e7\u00f5es participantes, definindo se deseja concorrer \u00e0s vagas de ampla concorr\u00eancia ou \u00e0s vagas destinadas \u00e0s pol\u00edticas afirmativas. Essas op\u00e7\u00f5es de curso poder\u00e3o ser alteradas durante o per\u00edodo de inscri\u00e7\u00e3o, sendo considerada v\u00e1lida a \u00faltima op\u00e7\u00e3o confirmada.<\/p>\n<\/div><\/div>\n<div class=\"su-spoiler su-spoiler-style-fancy su-spoiler-icon-plus su-spoiler-closed\" data-scroll-offset=\"0\" data-anchor-in-url=\"no\"><div class=\"su-spoiler-title\" tabindex=\"0\" role=\"button\"><span class=\"su-spoiler-icon\"><\/span>Como escolher a UFLA?<\/div><div class=\"su-spoiler-content su-u-clearfix su-u-trim\">\n<p>No ato de inscri\u00e7\u00e3o no SiSU, o candidato dever\u00e1 escolher a UFLA no campo referente \u00e0s institui\u00e7\u00f5es de ensino. Em seguida, aparecer\u00e3o as op\u00e7\u00f5es de cursos e as vagas.<\/p>\n<\/div><\/div>\n<div class=\"su-spoiler su-spoiler-style-fancy su-spoiler-icon-plus su-spoiler-closed\" data-scroll-offset=\"0\" data-anchor-in-url=\"no\"><div class=\"su-spoiler-title\" tabindex=\"0\" role=\"button\"><span class=\"su-spoiler-icon\"><\/span>Como o SiSU faz a sele\u00e7\u00e3o?<\/div><div class=\"su-spoiler-content su-u-clearfix su-u-trim\">\n<p>Ap\u00f3s a etapa de inscri\u00e7\u00e3o, o sistema seleciona automaticamente os candidatos mais bem classificados em cada curso, de acordo com as notas obtidas no Enem e eventuais pondera\u00e7\u00f5es. Ser\u00e3o considerados selecionados somente os candidatos classificados dentro do n\u00famero de vagas ofertadas pelo SiSU em cada curso, por modalidade de concorr\u00eancia.<\/p>\n<p>&nbsp;<\/p>\n<\/div><\/div>\n<div class=\"su-spoiler su-spoiler-style-fancy su-spoiler-icon-plus su-spoiler-closed\" data-scroll-offset=\"0\" data-anchor-in-url=\"no\"><div class=\"su-spoiler-title\" tabindex=\"0\" role=\"button\"><span class=\"su-spoiler-icon\"><\/span><strong>Ap\u00f3s a divulga\u00e7\u00e3o da Lista de Espera, a UFLA far\u00e1 novas convoca\u00e7\u00f5es? Onde poderei v\u00ea-las?<\/strong><\/div><div class=\"su-spoiler-content su-u-clearfix su-u-trim\">\n<p>Sim. Caso haja vagas n\u00e3o ocupadas, ser\u00e3o feitas convoca\u00e7\u00f5es, respeitando a classifica\u00e7\u00e3o dos candidatos na lista de espera. Essas convoca\u00e7\u00f5es ser\u00e3o publicadas em <a href=\"http:\/\/www.dips.ufla.br\">www.dips.ufla.br<\/a> e <a href=\"http:\/\/www.drca.ufla.br\">www.drca.ufla.br<\/a>.<\/p>\n<\/div><\/div>\n<div class=\"su-spoiler su-spoiler-style-fancy su-spoiler-icon-plus su-spoiler-closed\" data-scroll-offset=\"0\" data-anchor-in-url=\"no\"><div class=\"su-spoiler-title\" tabindex=\"0\" role=\"button\"><span class=\"su-spoiler-icon\"><\/span><strong>Caso seja chamado, como fazer a matr\u00edcula?<\/strong><\/div><div class=\"su-spoiler-content su-u-clearfix su-u-trim\"> A matr\u00edcula \u00e9 feita por meio da entrega de documentos solicitados \u00e0 Diretoria de Registro e Controle Acad\u00eamico (<a href=\"http:\/\/www.drca.ufla.br&#093;\">DRCA<\/a>). Essa lista de documentos inclui a ficha-cadastro. Veja os prazos e documentos necess\u00e1rios para candidatos convocados em: <a href=\"http:\/\/www.drca.ufla.br\/Informacoes\/INST_20151\/INSTRUCOES-SISU-2015-1-AMPLA_CONCORRENCIA.pdf\">ampla concorr\u00eancia<\/a> ou <a href=\"http:\/\/www.drca.ufla.br\/Informacoes\/INST_20151\/INSTRUCOES-SISU-2015-1-COTAS.pdf\">vagas reservadas<\/a>.\u00a0<\/div><\/div>\n<div class=\"su-spoiler su-spoiler-style-fancy su-spoiler-icon-plus su-spoiler-closed\" data-scroll-offset=\"0\" data-anchor-in-url=\"no\"><div class=\"su-spoiler-title\" tabindex=\"0\" role=\"button\"><span class=\"su-spoiler-icon\"><\/span>Quantas vagas a UFLA oferece pelo Sisu?<\/div><div class=\"su-spoiler-content su-u-clearfix su-u-trim\"> Das vagas ofertadas pela UFLA no primeiro per\u00edodo letivo de cada ano, 60% s\u00e3o destinadas \u00e0 sele\u00e7\u00e3o por meio do SiSU; as demais s\u00e3o para os candidatos do Programa de Avalia\u00e7\u00e3o Seriada (PAS).\u00a0No segundo semestre, todas as vagas s\u00e3o para candidatos do SiSU.\u00a0<\/div><\/div>\n<div class=\"su-spoiler su-spoiler-style-fancy su-spoiler-icon-plus su-spoiler-closed\" data-scroll-offset=\"0\" data-anchor-in-url=\"no\"><div class=\"su-spoiler-title\" tabindex=\"0\" role=\"button\"><span class=\"su-spoiler-icon\"><\/span>Quais s\u00e3o as modalidades de concorr\u00eancia do SiSU?<\/div><div class=\"su-spoiler-content su-u-clearfix su-u-trim\">\n<p>As vagas s\u00e3o divididas entre ampla concorr\u00eancia e grupos voltados para as a\u00e7\u00f5es afirmativas (cotas). Dentro das a\u00e7\u00f5es afirmativas, o candidato deve fazer a op\u00e7\u00e3o considerando os seguintes perfis:<\/p>\n<ol>\n<li>Candidatos com renda familiar bruta por pessoa igual ou inferior a 1,5 sal\u00e1rio m\u00ednimo que tenham cursado integralmente o ensino m\u00e9dio em escolas p\u00fablicas.<\/li>\n<li>Candidatos autodeclarados pretos, pardos ou ind\u00edgenas, com renda familiar bruta por pessoa igual ou inferior a 1,5 sal\u00e1rio m\u00ednimo e que tenham cursado integralmente o ensino m\u00e9dio em escolas p\u00fablicas.<\/li>\n<li>Candidatos que, independentemente da renda (art. 14, II, Portaria Normativa n\u00ba 18\/2012), tenham cursado integralmente o ensino m\u00e9dio em escolas p\u00fablicas.<\/li>\n<li>Candidatos autodeclarados pretos, pardos ou ind\u00edgenas que, independentemente da renda (art. 14, II, Portaria Normativa n\u00ba 18\/2012), tenham cursado integralmente o ensino m\u00e9dio em escolas p\u00fablicas (Lei n\u00ba 12.711\/2012).<\/li>\n<\/ol>\n<\/div><\/div>\n<div class=\"su-spoiler su-spoiler-style-fancy su-spoiler-icon-plus su-spoiler-closed\" data-scroll-offset=\"0\" data-anchor-in-url=\"no\"><div class=\"su-spoiler-title\" tabindex=\"0\" role=\"button\"><span class=\"su-spoiler-icon\"><\/span>Qual o significado da sigla ABI-Engenharia?<\/div><div class=\"su-spoiler-content su-u-clearfix su-u-trim\"> A sigla ABI significa \u00c1rea B\u00e1sica de Ingresso. Quem optar por ABI-Engenharia cumprir\u00e1 um ciclo b\u00e1sico de disciplinas, e depois ir\u00e1 escolher a habilita\u00e7\u00e3o desejada: Engenharia Civil, Engenharia de Materiais, Engenharia Mec\u00e2nica ou Engenharia Qu\u00edmica.\u00a0<\/div><\/div>\n<div class=\"su-spoiler su-spoiler-style-fancy su-spoiler-icon-plus su-spoiler-closed\" data-scroll-offset=\"0\" data-anchor-in-url=\"no\"><div class=\"su-spoiler-title\" tabindex=\"0\" role=\"button\"><span class=\"su-spoiler-icon\"><\/span>Posso fazer o PAS\/UFLA e tentar o SiSU?<\/div><div class=\"su-spoiler-content su-u-clearfix su-u-trim\"> Sim. \u00c9 poss\u00edvel se inscrever nos dois processos e at\u00e9 optar pela mesma gradua\u00e7\u00e3o ou outra. Mas, caso for selecionado nos dois processos, o candidato poder\u00e1 ocupar somente uma das vagas.\u00a0<\/div><\/div>\n<div class=\"su-spoiler su-spoiler-style-fancy su-spoiler-icon-plus su-spoiler-closed\" data-scroll-offset=\"0\" data-anchor-in-url=\"no\"><div class=\"su-spoiler-title\" tabindex=\"0\" role=\"button\"><span class=\"su-spoiler-icon\"><\/span>Mais informa\u00e7\u00f5es<\/div><div class=\"su-spoiler-content su-u-clearfix su-u-trim\">\n<p><a href=\"http:\/\/www.dips.ufla.br\/copese\/processoDetail.asp?id=79\">SiSU na UFLA (Diretoria de Processos Seletivos)<\/a><\/p>\n<p><a href=\"http:\/\/sisu.mec.gov.br\/tire-suas-duvidas\">Perguntas e respostas no site do Sisu\u00a0<\/a><\/p>\n<p>Central de Atendimento do MEC: 0800-616161.<\/p>\n<\/div><\/div>\n<\/div>\n<!-- AddThis Advanced Settings generic via filter on the_content --><!-- AddThis Share Buttons generic via filter on the_content -->","protected":false},"excerpt":{"rendered":"<p>Clique na pergunta e visualize\u00a0a resposta:<!-- AddThis Advanced Settings generic via filter on get_the_excerpt --><!-- AddThis Share Buttons generic via filter on get_the_excerpt --><\/p>\n","protected":false},"author":2,"featured_media":0,"parent":621,"menu_order":0,"comment_status":"closed","ping_status":"closed","template":"","meta":{"footnotes":""},"class_list":["post-641","page","type-page","status-publish","hentry"],"_links":{"self":[{"href":"https:\/\/ufla.br\/calouros\/wp-json\/wp\/v2\/pages\/641","targetHints":{"allow":["GET"]}}],"collection":[{"href":"https:\/\/ufla.br\/calouros\/wp-json\/wp\/v2\/pages"}],"about":[{"href":"https:\/\/ufla.br\/calouros\/wp-json\/wp\/v2\/types\/page"}],"author":[{"embeddable":true,"href":"https:\/\/ufla.br\/calouros\/wp-json\/wp\/v2\/users\/2"}],"replies":[{"embeddable":true,"href":"https:\/\/ufla.br\/calouros\/wp-json\/wp\/v2\/comments?post=641"}],"version-history":[{"count":8,"href":"https:\/\/ufla.br\/calouros\/wp-json\/wp\/v2\/pages\/641\/revisions"}],"predecessor-version":[{"id":960,"href":"https:\/\/ufla.br\/calouros\/wp-json\/wp\/v2\/pages\/641\/revisions\/960"}],"up":[{"embeddable":true,"href":"https:\/\/ufla.br\/calouros\/wp-json\/wp\/v2\/pages\/621"}],"wp:attachment":[{"href":"https:\/\/ufla.br\/calouros\/wp-json\/wp\/v2\/media?parent=641"}],"curies":[{"name":"wp","href":"https:\/\/api.w.org\/{rel}","templated":true}]}}